{"id":19,"date":"2018-02-26T10:01:22","date_gmt":"2018-02-26T10:01:22","guid":{"rendered":"http:\/\/localhost\/themes\/Pro\/Pinewood-Lake\/Website_WP\/index.php\/hotel\/"},"modified":"2023-07-10T14:39:23","modified_gmt":"2023-07-10T14:39:23","slug":"hotel","status":"publish","type":"page","link":"https:\/\/ferien-wohnung-weimar.de\/?page_id=19","title":{"rendered":""},"content":{"rendered":"<p><!-- Builder # --><\/p>\n<h2><strong>FeWo Heinrich<\/strong><\/h2>\n<h1>Unsere Ferienwohnung<\/h1>\n<div>\n<div class=\"price-calculated\">\n<h3>Mietpreis : <span class=\"no-bold\">ab 560 \u20ac pro Woche entspricht 80 \u20ac pro<\/span> Nacht inkl. Nebenkosten\u00a0<\/h3>\n<\/div>\n<\/div>\n<div>\n<p><strong>zus\u00e4tzliche Informationen zum Mietpreis: <\/strong><\/p>\n<p>Kurzreisezuschlag <strong>10,00 Euro<\/strong> pro Nacht<\/p>\n<p>\u00dcbernachtungspreise (ab 3 N\u00e4chte):<\/p>\n<ul>\n<li><span style=\"\">f\u00fcr 1 &#8211; 2 Personen <strong>80,- Euro<\/strong><\/span><\/li>\n<li><span style=\"\">f\u00fcr 3 Personen <strong>90,- Euro<\/strong><\/span><\/li>\n<li><span style=\"\"><span style=\"\">f\u00fcr 4 Personen <\/span><strong>100,- Euro<\/strong><\/span><\/li>\n<li><span style=\"\">jede weitere Person <\/span><strong>10,- Euro<\/strong><\/li>\n<li><strong>zzgl. 1,10 \u20ac<\/strong><span style=\"\"> pro Erw. Person u. \u00dcbernachtung \/ Kulturf\u00f6rderabgabe der Stadt Weimar<\/span><\/li>\n<\/ul>\n<p>Keine weiteren Kosten f\u00fcr Handt\u00fccher, Bettw\u00e4sche, Strom und Heizung.<\/p>\n<div class=\"object-meer-info\">\n<h2><strong>Weitere Informationen<\/strong><\/h2>\n<p>T\u00e4gliche Anreise ab 15:00 Uhr m\u00f6glich oder nach telefonischer Absprache.<\/p>\n<p>Am Abreisetag die Wohnung bitte bis 10:00 Uhr \u00fcbergeben.<\/p>\n<h2><strong>Au\u00dfenbereich<\/strong><\/h2>\n<p><img loading=\"lazy\" decoding=\"async\" class=\"alignnone size-large wp-image-433\" src=\"https:\/\/ferien-wohnung-weimar.de\/wp-content\/uploads\/IMG_6769-1024x768.jpeg\" alt=\"\" width=\"1024\" height=\"768\" srcset=\"https:\/\/ferien-wohnung-weimar.de\/wp-content\/uploads\/IMG_6769-1024x768.jpeg 1024w, https:\/\/ferien-wohnung-weimar.de\/wp-content\/uploads\/IMG_6769-300x225.jpeg 300w, https:\/\/ferien-wohnung-weimar.de\/wp-content\/uploads\/IMG_6769-768x576.jpeg 768w, https:\/\/ferien-wohnung-weimar.de\/wp-content\/uploads\/IMG_6769-1536x1152.jpeg 1536w, https:\/\/ferien-wohnung-weimar.de\/wp-content\/uploads\/IMG_6769-2048x1536.jpeg 2048w\" sizes=\"auto, (max-width: 1024px) 100vw, 1024px\" \/><\/p>\n<p><img loading=\"lazy\" decoding=\"async\" class=\"alignnone size-large wp-image-434\" src=\"https:\/\/ferien-wohnung-weimar.de\/wp-content\/uploads\/IMG_6785-1024x755.jpeg\" alt=\"\" width=\"1024\" height=\"755\" srcset=\"https:\/\/ferien-wohnung-weimar.de\/wp-content\/uploads\/IMG_6785-1024x755.jpeg 1024w, https:\/\/ferien-wohnung-weimar.de\/wp-content\/uploads\/IMG_6785-300x221.jpeg 300w, https:\/\/ferien-wohnung-weimar.de\/wp-content\/uploads\/IMG_6785-768x566.jpeg 768w, https:\/\/ferien-wohnung-weimar.de\/wp-content\/uploads\/IMG_6785-1536x1132.jpeg 1536w, https:\/\/ferien-wohnung-weimar.de\/wp-content\/uploads\/IMG_6785-2048x1509.jpeg 2048w\" sizes=\"auto, (max-width: 1024px) 100vw, 1024px\" \/><\/p>\n<p><img loading=\"lazy\" decoding=\"async\" class=\"alignnone  wp-image-435\" src=\"https:\/\/ferien-wohnung-weimar.de\/wp-content\/uploads\/IMG_6866.jpeg\" alt=\"\" width=\"1024\" height=\"684\" srcset=\"https:\/\/ferien-wohnung-weimar.de\/wp-content\/uploads\/IMG_6866.jpeg 800w, https:\/\/ferien-wohnung-weimar.de\/wp-content\/uploads\/IMG_6866-300x200.jpeg 300w, https:\/\/ferien-wohnung-weimar.de\/wp-content\/uploads\/IMG_6866-768x513.jpeg 768w\" sizes=\"auto, (max-width: 1024px) 100vw, 1024px\" \/><\/p>\n<p><img loading=\"lazy\" decoding=\"async\" class=\"alignnone  wp-image-436\" src=\"https:\/\/ferien-wohnung-weimar.de\/wp-content\/uploads\/IMG_6957.jpeg\" alt=\"\" width=\"1024\" height=\"707\" srcset=\"https:\/\/ferien-wohnung-weimar.de\/wp-content\/uploads\/IMG_6957.jpeg 772w, https:\/\/ferien-wohnung-weimar.de\/wp-content\/uploads\/IMG_6957-300x207.jpeg 300w, https:\/\/ferien-wohnung-weimar.de\/wp-content\/uploads\/IMG_6957-768x530.jpeg 768w\" sizes=\"auto, (max-width: 1024px) 100vw, 1024px\" \/><\/p>\n<h2><strong>Innenbereich<\/strong><\/h2>\n<\/div>\n<p><img loading=\"lazy\" decoding=\"async\" class=\"alignnone size-large wp-image-440\" src=\"https:\/\/ferien-wohnung-weimar.de\/wp-content\/uploads\/IMG_6810-1024x768.jpeg\" alt=\"\" width=\"1024\" height=\"768\" srcset=\"https:\/\/ferien-wohnung-weimar.de\/wp-content\/uploads\/IMG_6810-1024x768.jpeg 1024w, https:\/\/ferien-wohnung-weimar.de\/wp-content\/uploads\/IMG_6810-300x225.jpeg 300w, https:\/\/ferien-wohnung-weimar.de\/wp-content\/uploads\/IMG_6810-768x576.jpeg 768w, https:\/\/ferien-wohnung-weimar.de\/wp-content\/uploads\/IMG_6810-1536x1152.jpeg 1536w, https:\/\/ferien-wohnung-weimar.de\/wp-content\/uploads\/IMG_6810-2048x1536.jpeg 2048w\" sizes=\"auto, (max-width: 1024px) 100vw, 1024px\" \/><\/p>\n<p><img loading=\"lazy\" decoding=\"async\" class=\"alignnone size-large wp-image-439\" src=\"https:\/\/ferien-wohnung-weimar.de\/wp-content\/uploads\/IMG_6814-1024x768.jpeg\" alt=\"\" width=\"1024\" height=\"768\" srcset=\"https:\/\/ferien-wohnung-weimar.de\/wp-content\/uploads\/IMG_6814-1024x768.jpeg 1024w, https:\/\/ferien-wohnung-weimar.de\/wp-content\/uploads\/IMG_6814-300x225.jpeg 300w, https:\/\/ferien-wohnung-weimar.de\/wp-content\/uploads\/IMG_6814-768x576.jpeg 768w, https:\/\/ferien-wohnung-weimar.de\/wp-content\/uploads\/IMG_6814-1536x1152.jpeg 1536w, https:\/\/ferien-wohnung-weimar.de\/wp-content\/uploads\/IMG_6814-2048x1536.jpeg 2048w\" sizes=\"auto, (max-width: 1024px) 100vw, 1024px\" \/><\/p>\n<p><img loading=\"lazy\" decoding=\"async\" class=\"alignnone size-large wp-image-441\" src=\"https:\/\/ferien-wohnung-weimar.de\/wp-content\/uploads\/IMG_6821-1024x768.jpeg\" alt=\"\" width=\"1024\" height=\"768\" srcset=\"https:\/\/ferien-wohnung-weimar.de\/wp-content\/uploads\/IMG_6821-1024x768.jpeg 1024w, https:\/\/ferien-wohnung-weimar.de\/wp-content\/uploads\/IMG_6821-300x225.jpeg 300w, https:\/\/ferien-wohnung-weimar.de\/wp-content\/uploads\/IMG_6821-768x576.jpeg 768w, https:\/\/ferien-wohnung-weimar.de\/wp-content\/uploads\/IMG_6821-1536x1152.jpeg 1536w, https:\/\/ferien-wohnung-weimar.de\/wp-content\/uploads\/IMG_6821-2048x1536.jpeg 2048w\" sizes=\"auto, (max-width: 1024px) 100vw, 1024px\" \/><\/p>\n<p><img loading=\"lazy\" decoding=\"async\" class=\"alignnone size-large wp-image-442\" src=\"https:\/\/ferien-wohnung-weimar.de\/wp-content\/uploads\/IMG_6829-1024x768.jpeg\" alt=\"\" width=\"1024\" height=\"768\" srcset=\"https:\/\/ferien-wohnung-weimar.de\/wp-content\/uploads\/IMG_6829-1024x768.jpeg 1024w, https:\/\/ferien-wohnung-weimar.de\/wp-content\/uploads\/IMG_6829-300x225.jpeg 300w, https:\/\/ferien-wohnung-weimar.de\/wp-content\/uploads\/IMG_6829-768x576.jpeg 768w, https:\/\/ferien-wohnung-weimar.de\/wp-content\/uploads\/IMG_6829-1536x1152.jpeg 1536w, https:\/\/ferien-wohnung-weimar.de\/wp-content\/uploads\/IMG_6829-2048x1536.jpeg 2048w\" sizes=\"auto, (max-width: 1024px) 100vw, 1024px\" \/><\/p>\n<p><img loading=\"lazy\" decoding=\"async\" class=\"alignnone size-large wp-image-443\" src=\"https:\/\/ferien-wohnung-weimar.de\/wp-content\/uploads\/IMG_6841-1024x768.jpeg\" alt=\"\" width=\"1024\" height=\"768\" srcset=\"https:\/\/ferien-wohnung-weimar.de\/wp-content\/uploads\/IMG_6841-1024x768.jpeg 1024w, https:\/\/ferien-wohnung-weimar.de\/wp-content\/uploads\/IMG_6841-300x225.jpeg 300w, https:\/\/ferien-wohnung-weimar.de\/wp-content\/uploads\/IMG_6841-768x576.jpeg 768w, https:\/\/ferien-wohnung-weimar.de\/wp-content\/uploads\/IMG_6841-1536x1152.jpeg 1536w, https:\/\/ferien-wohnung-weimar.de\/wp-content\/uploads\/IMG_6841-2048x1536.jpeg 2048w\" sizes=\"auto, (max-width: 1024px) 100vw, 1024px\" \/><\/p>\n<p><img loading=\"lazy\" decoding=\"async\" class=\"alignnone size-large wp-image-444\" src=\"https:\/\/ferien-wohnung-weimar.de\/wp-content\/uploads\/IMG_6860-3-1024x768.jpeg\" alt=\"\" width=\"1024\" height=\"768\" srcset=\"https:\/\/ferien-wohnung-weimar.de\/wp-content\/uploads\/IMG_6860-3-1024x768.jpeg 1024w, https:\/\/ferien-wohnung-weimar.de\/wp-content\/uploads\/IMG_6860-3-300x225.jpeg 300w, https:\/\/ferien-wohnung-weimar.de\/wp-content\/uploads\/IMG_6860-3-768x576.jpeg 768w, https:\/\/ferien-wohnung-weimar.de\/wp-content\/uploads\/IMG_6860-3-1536x1152.jpeg 1536w, https:\/\/ferien-wohnung-weimar.de\/wp-content\/uploads\/IMG_6860-3-2048x1536.jpeg 2048w\" sizes=\"auto, (max-width: 1024px) 100vw, 1024px\" \/><\/p>\n<p><img loading=\"lazy\" decoding=\"async\" class=\"alignnone size-large wp-image-445\" src=\"https:\/\/ferien-wohnung-weimar.de\/wp-content\/uploads\/IMG_6862-1024x794.jpeg\" alt=\"\" width=\"1024\" height=\"794\" srcset=\"https:\/\/ferien-wohnung-weimar.de\/wp-content\/uploads\/IMG_6862-1024x794.jpeg 1024w, https:\/\/ferien-wohnung-weimar.de\/wp-content\/uploads\/IMG_6862-300x233.jpeg 300w, https:\/\/ferien-wohnung-weimar.de\/wp-content\/uploads\/IMG_6862-768x596.jpeg 768w, https:\/\/ferien-wohnung-weimar.de\/wp-content\/uploads\/IMG_6862-1536x1191.jpeg 1536w, https:\/\/ferien-wohnung-weimar.de\/wp-content\/uploads\/IMG_6862-2048x1588.jpeg 2048w\" sizes=\"auto, (max-width: 1024px) 100vw, 1024px\" \/><\/p>\n<p><img loading=\"lazy\" decoding=\"async\" class=\"alignnone size-large wp-image-446\" src=\"https:\/\/ferien-wohnung-weimar.de\/wp-content\/uploads\/IMG_6949-1024x768.jpeg\" alt=\"\" width=\"1024\" height=\"768\" srcset=\"https:\/\/ferien-wohnung-weimar.de\/wp-content\/uploads\/IMG_6949-1024x768.jpeg 1024w, https:\/\/ferien-wohnung-weimar.de\/wp-content\/uploads\/IMG_6949-300x225.jpeg 300w, https:\/\/ferien-wohnung-weimar.de\/wp-content\/uploads\/IMG_6949-768x576.jpeg 768w, https:\/\/ferien-wohnung-weimar.de\/wp-content\/uploads\/IMG_6949-1536x1152.jpeg 1536w, https:\/\/ferien-wohnung-weimar.de\/wp-content\/uploads\/IMG_6949-2048x1536.jpeg 2048w\" sizes=\"auto, (max-width: 1024px) 100vw, 1024px\" \/><\/p>\n<\/div>\n\n\n<p><font _mstmutation=\"1\"><\/p>\n\n\n\n<p><\/p>\n","protected":false},"excerpt":{"rendered":"<p>FeWo Heinrich Unsere Ferienwohnung Mietpreis : ab 560 \u20ac pro Woche entspricht 80 \u20ac pro Nacht inkl. Nebenkosten\u00a0 zus\u00e4tzliche Informationen zum Mietpreis: Kurzreisezuschlag 10,00 Euro pro Nacht \u00dcbernachtungspreise (ab 3 N\u00e4chte): f\u00fcr 1 &#8211; 2 Personen 80,- Euro f\u00fcr 3 Personen 90,- Euro f\u00fcr 4 Personen 100,- Euro jede weitere Person 10,- Euro zzgl. 1,10 [&hellip;]<\/p>\n","protected":false},"author":1,"featured_media":416,"parent":0,"menu_order":5,"comment_status":"closed","ping_status":"closed","template":"","meta":{"footnotes":""},"class_list":["post-19","page","type-page","status-publish","has-post-thumbnail","hentry"],"_links":{"self":[{"href":"https:\/\/ferien-wohnung-weimar.de\/index.php?rest_route=\/wp\/v2\/pages\/19","targetHints":{"allow":["GET"]}}],"collection":[{"href":"https:\/\/ferien-wohnung-weimar.de\/index.php?rest_route=\/wp\/v2\/pages"}],"about":[{"href":"https:\/\/ferien-wohnung-weimar.de\/index.php?rest_route=\/wp\/v2\/types\/page"}],"author":[{"embeddable":true,"href":"https:\/\/ferien-wohnung-weimar.de\/index.php?rest_route=\/wp\/v2\/users\/1"}],"replies":[{"embeddable":true,"href":"https:\/\/ferien-wohnung-weimar.de\/index.php?rest_route=%2Fwp%2Fv2%2Fcomments&post=19"}],"version-history":[{"count":53,"href":"https:\/\/ferien-wohnung-weimar.de\/index.php?rest_route=\/wp\/v2\/pages\/19\/revisions"}],"predecessor-version":[{"id":473,"href":"https:\/\/ferien-wohnung-weimar.de\/index.php?rest_route=\/wp\/v2\/pages\/19\/revisions\/473"}],"wp:featuredmedia":[{"embeddable":true,"href":"https:\/\/ferien-wohnung-weimar.de\/index.php?rest_route=\/wp\/v2\/media\/416"}],"wp:attachment":[{"href":"https:\/\/ferien-wohnung-weimar.de\/index.php?rest_route=%2Fwp%2Fv2%2Fmedia&parent=19"}],"curies":[{"name":"wp","href":"https:\/\/api.w.org\/{rel}","templated":true}]}}